{"id":2776,"date":"2024-06-03T14:08:43","date_gmt":"2024-06-03T12:08:43","guid":{"rendered":"https:\/\/premierpadel.hu\/privacy-policy\/"},"modified":"2025-06-05T15:48:45","modified_gmt":"2025-06-05T13:48:45","slug":"privacy-policy","status":"publish","type":"page","link":"https:\/\/premierpadel.hu\/en\/privacy-policy\/","title":{"rendered":"Privacy Policy"},"content":{"rendered":"\t\t<div data-elementor-type=\"wp-page\" data-elementor-id=\"2776\" class=\"elementor elementor-2776 elementor-138\" data-elementor-post-type=\"page\">\n\t\t\t\t<div class=\"elementor-element elementor-element-438058b6 e-flex e-con-boxed e-con e-parent\" data-id=\"438058b6\" data-element_type=\"container\" data-settings=\"{&quot;background_background&quot;:&quot;classic&quot;}\">\n\t\t\t\t\t<div class=\"e-con-inner\">\n\t\t\t\t<div class=\"elementor-element elementor-element-1169fbce elementor-widget elementor-widget-heading\" data-id=\"1169fbce\" data-element_type=\"widget\" data-widget_type=\"heading.default\">\n\t\t\t\t<div class=\"elementor-widget-container\">\n\t\t\t\t\t<h1 class=\"elementor-heading-title elementor-size-default\">Privacy Policy<\/h1>\t\t\t\t<\/div>\n\t\t\t\t<\/div>\n\t\t\t\t\t<\/div>\n\t\t\t\t<\/div>\n\t\t<div class=\"elementor-element elementor-element-3da4ea70 e-flex e-con-boxed e-con e-parent\" data-id=\"3da4ea70\" data-element_type=\"container\" data-settings=\"{&quot;background_background&quot;:&quot;classic&quot;}\">\n\t\t\t\t\t<div class=\"e-con-inner\">\n\t\t\t\t<div class=\"elementor-element elementor-element-63f4e5a9 elementor-widget elementor-widget-text-editor\" data-id=\"63f4e5a9\" data-element_type=\"widget\" data-widget_type=\"text-editor.default\">\n\t\t\t\t<div class=\"elementor-widget-container\">\n\t\t\t\t\t\t\t\t\t<p>Jelen adatv\u00e9delmi t\u00e1j\u00e9koztat\u00f3 (\u201e<strong>Test<\/strong>\u201d) c\u00e9lja, hogy a Premier Padel Club Kft (c\u00e9gjegyz\u00e9ksz\u00e1ma:<br>01 09 204710) weboldal\u00e1nak l\u00e1togat\u00f3i \u00e1ltal megadott \u00e9s a Premier Padel (a tov\u00e1bbiakban:<br>\u201eA<strong>datkezel\u0151<\/strong>\u201d) \u00e1ltal kezelt szem\u00e9lyes adatok \u00e9s egy\u00e9b adatok kezel\u00e9s\u00e9re vonatkoz\u00f3 elvekr\u0151l \u00e9s<br>szab\u00e1lyokr\u00f3l az \u00fcgyfeleit (a tov\u00e1bbiakban\u201e<strong>\u00dcgyfelek<\/strong>\u201d) t\u00e1j\u00e9koztassa.<\/p><p>A szem\u00e9lyes adatok kezel\u00e9s\u00e9t az Adatkezel\u0151 a hat\u00e1lyos jogszab\u00e1lyoknak megfelel\u0151en v\u00e9gzi, az al\u00e1bbi<br>alapelvek betart\u00e1sa mellett v\u00e9gzi:<\/p><p>i) Szem\u00e9lyes adat kiz\u00e1r\u00f3lag meghat\u00e1rozott c\u00e9lb\u00f3l, jog gyakorl\u00e1sa \u00e9s k\u00f6telezetts\u00e9g teljes\u00edt\u00e9se<br>\u00e9rdek\u00e9ben kezelhet\u0151. Az adatkezel\u00e9snek minden szakasz\u00e1ban meg kell felelnie az adatkezel\u00e9s<br>c\u00e9lj\u00e1nak, az adatok felv\u00e9tel\u00e9nek \u00e9s kezel\u00e9s\u00e9nek tisztess\u00e9gesnek \u00e9s t\u00f6rv\u00e9nyesnek kell lennie. <\/p><p>ii) Csak olyan szem\u00e9lyes adat kezelhet\u0151, amely az adatkezel\u00e9s c\u00e9lj\u00e1nak megval\u00f3sul\u00e1s\u00e1hoz<br>elengedhetetlen, a c\u00e9l el\u00e9r\u00e9s\u00e9re alkalmas. A szem\u00e9lyes adat csak a c\u00e9l megval\u00f3sul\u00e1s\u00e1hoz sz\u00fcks\u00e9ges<br>m\u00e9rt\u00e9kben \u00e9s ideig kezelhet\u0151. <\/p><p>iii) A szem\u00e9lyes adat az adatkezel\u00e9s sor\u00e1n mindaddig meg\u0151rzi e min\u0151s\u00e9g\u00e9t, am\u00edg kapcsolata az<br>\u00e9rintett szem\u00e9llyel helyre\u00e1ll\u00edthat\u00f3. Az \u00e9rintett szem\u00e9llyel helyre\u00e1ll\u00edthat\u00f3nak min\u0151s\u00fcl a kapcsolat, ha<br>az adatkezel\u0151 rendelkezik azokkal a technikai felt\u00e9telekkel, amelyek a helyre\u00e1ll\u00edt\u00e1shoz sz\u00fcks\u00e9gesek. <\/p><p>iv) Az adatkezel\u00e9s sor\u00e1n biztos\u00edtani kell az adatok pontoss\u00e1g\u00e1t, teljess\u00e9g\u00e9t \u00e9s &#8211; ha az adatkezel\u00e9s<br>c\u00e9lj\u00e1ra tekintettel sz\u00fcks\u00e9ges &#8211; naprak\u00e9szs\u00e9g\u00e9t, valamint azt, hogy az \u00e9rintettet csak az adatkezel\u00e9s<br>c\u00e9lj\u00e1hoz sz\u00fcks\u00e9ges ideig lehessen azonos\u00edtani.<\/p><h3>I. \u00c1LTAL\u00c1NOS RENDELKEZ\u00c9SEK<\/h3><p>Adatkezel\u0151 megnevez\u00e9se: Premier Padel Club Kft.<br>Adatkezel\u0151 sz\u00e9khelye: 1118 Ratk\u00f3c k\u00f6z 6<br>Adatkezel\u0151 el\u00e9rhet\u0151s\u00e9gei:<\/p><ul><li>email: mugroczky@premierpadel.hu<\/li><li>postai c\u00edme: 1118 Ratk\u00f3c k\u00f6z 6<\/li><li>honlap: www.premierpadel.hu<\/li><\/ul><p>Az adatkezel\u00e9s jogalapja:<\/p><ul><li>aj\u00e1nlat k\u00e9sz\u00edt\u00e9se, \u00fcgyfelekkel val\u00f3 kapcsolattart\u00e1s, panaszkezel\u00e9s eset\u00e9n: \u00fcgyf\u00e9l<br>hozz\u00e1j\u00e1rul\u00e1sa, ha az nem beszerezhet\u0151, \u00fagy Adatkezel\u0151 jogos \u00e9rdeke;<\/li><li>h\u00edrlev\u00e9l k\u00fcld\u00e9se: \u00fcgyf\u00e9l hozz\u00e1j\u00e1rul\u00e1sa.<\/li><\/ul><p>Az adatkezel\u00e9ssel \u00e9rintettek k\u00f6re: Adatkezel\u0151 \u00dcgyfelei, vagyis a <a href=\"\/\">www.premierpadel.hu<\/a> weboldalon<br>kereszt\u00fcl megkeres\u00e9st k\u00fcld\u0151 felhaszn\u00e1l\u00f3k, a telefonos megkeres\u00e9ssel \u00e9l\u0151, valamint egy\u00e9b m\u00f3don<br>megkeres\u00e9ssel \u00e9l\u0151 \u00fcgyfelek.<\/p><p>Hozz\u00e1j\u00e1rul\u00e1s az adatkezel\u00e9shez: \u00dcgyfelek a weboldalon\/telefonon kereszt\u00fcli kapcsolatfelv\u00e9tel<br>haszn\u00e1lat\u00e1val, valamint a szem\u00e9lyes konzult\u00e1ci\u00f3n val\u00f3 megjelen\u00e9s sor\u00e1n kifejezetten hozz\u00e1j\u00e1rulnak<br>ahhoz, hogy szem\u00e9lyes adataikat az Adatkezel\u0151 a jelen t\u00e1j\u00e9koztat\u00f3ban \u00edrt m\u00f3don kezelje.<\/p><p>Az adatkezel\u00e9s c\u00e9ljai:<\/p><ul><li>aj\u00e1nlat elk\u00e9sz\u00edt\u00e9se \u00dcgyfelek sz\u00e1m\u00e1ra,<\/li><li>\u00dcgyfelekkel val\u00f3 kapcsolattart\u00e1s,<\/li><li>panaszkezel\u00e9s,<\/li><li>h\u00edrlev\u00e9l k\u00fcld\u00e9se.<\/li><\/ul><p>Az adatkezel\u00e9s manu\u00e1lis adatfeldolgoz\u00e1s keret\u00e9ben t\u00f6rt\u00e9nik.<\/p><h3>2. A KEZELT SZEM\u00c9LYES ADATOK K\u00d6RE:<\/h3><p>A megkeres\u00e9sek sor\u00e1n \u00dcgyf\u00e9l azonos\u00edt\u00e1s, kapcsolattart\u00e1s, aj\u00e1nlatad\u00e1s, panaszkezel\u00e9s c\u00e9lj\u00e1b\u00f3l az<br>al\u00e1bbi adatokat adja meg:<\/p><ul><li>\u00dcgyf\u00e9l neve &#8211; aki az \u00fczenetet \u00edrja \u2013 c\u00e9l: kapcsolatfelv\u00e9tel, azonos\u00edt\u00e1s;<\/li><li>E-mail c\u00edm \/ telefonsz\u00e1m \/ tov\u00e1bbi el\u00e9rhet\u0151s\u00e9gi adatok \u2013 c\u00e9l: kapcsolatfelv\u00e9tel, t\u00e1j\u00e9koztat\u00f3<br>megk\u00fcld\u00e9se, v\u00e1laszlev\u00e9l vagy h\u00edrlev\u00e9l k\u00fcld\u00e9se;<\/li><li>egy\u00e9b: felhaszn\u00e1l\u00f3 \u00e1ltal megadott tov\u00e1bbi szem\u00e9lyes adatok, amelyek tekintet\u00e9ben<br>felhaszn\u00e1l\u00f3 hozz\u00e1j\u00e1rul\u00e1s\u00e1t adja -c\u00e9lja: kapcsolattart\u00e1s \/ azonos\u00edt\u00e1s \/ panaszkezel\u00e9s.<\/li><\/ul><h3>3. AZ ADATFELDOLGOZ\u00d3K (AZ ADATKEZEL\u00c9SI M\u0170VELETEKHEZ KAPCSOL\u00d3D\u00d3 TECHNIKAI<br>FELADATOKAT V\u00c9GZ\u0150K) SZEM\u00c9LYE:<\/h3><p>&#8230;<\/p><h3>4. AZ ADATKEZEL\u00c9S ID\u0150TARTAMA:<\/h3><p>A megadott adatokat az al\u00e1bb megjel\u00f6lt, vagy c\u00e9lhoz k\u00f6t\u00f6tts\u00e9g elve szerinti hat\u00e1rozatlan ideig, vagy<br>az \u00e9rintett hozz\u00e1j\u00e1rul\u00e1s\u00e1nak visszavon\u00e1s\u00e1ig kezeli az Adatkezel\u0151.<\/p>\t\t\t\t\t\t\t\t<\/div>\n\t\t\t\t<\/div>\n\t\t\t\t<div class=\"elementor-element elementor-element-fa824cf elementor-widget__width-inherit elementor-widget elementor-widget-jet-table\" data-id=\"fa824cf\" data-element_type=\"widget\" data-widget_type=\"jet-table.default\">\n\t\t\t\t<div class=\"elementor-widget-container\">\n\t\t\t\t\t<div class=\"elementor-jet-table jet-elements\">\n\t\t<div class=\"jet-table-wrapper jet-table-responsive-mobile\">\n\t\t\t<table class=\"jet-table jet-table--fa5-compat\">\n\t\t\t\t<thead class=\"jet-table__head\"><tr class=\"jet-table__head-row\"><th class=\"jet-table__cell elementor-repeater-item-af79dfb jet-table__head-cell\" scope=\"col\"><div class=\"jet-table__cell-inner\"><div class=\"jet-table__cell-content\"><div class=\"jet-table__cell-text\">Adatkezel\u00e9si c\u00e9l<\/div><\/div><\/div><\/th><th class=\"jet-table__cell elementor-repeater-item-21124d3 jet-table__head-cell\" scope=\"col\"><div class=\"jet-table__cell-inner\"><div class=\"jet-table__cell-content\"><div class=\"jet-table__cell-text\">Id\u0151tartam <br><span style=\"font-size: 16px; font-weight: 400; text-transform: none\">(az utols\u00f3, adott \u00dcgyf\u00e9l \u00e1ltali megkeres\u00e9st\u0151l sz\u00e1m\u00edtva)<\/span><\/div><\/div><\/div><\/th><\/tr><\/thead>\n\t\t\t\t\t\t\t\t<tbody class=\"jet-table__body\"><tr class=\"jet-table__body-row elementor-repeater-item-359af06\"><td class=\"jet-table__cell elementor-repeater-item-2f85707 jet-table__body-cell\"><div class=\"jet-table__cell-inner\"><div class=\"jet-table__cell-content\"><div class=\"jet-table__cell-text\">Azonos\u00edt\u00e1s<\/div><\/div><\/div><\/td><td class=\"jet-table__cell elementor-repeater-item-a0aca93 jet-table__body-cell\" rowspan=\"4\"><div class=\"jet-table__cell-inner\"><div class=\"jet-table__cell-content\"><div class=\"jet-table__cell-text\">Utols\u00f3 megkeres\u00e9st\u0151l sz\u00e1m\u00edtott 2 \u00e9vig.<\/div><\/div><\/div><\/td><\/tr><tr class=\"jet-table__body-row elementor-repeater-item-339610f\"><td class=\"jet-table__cell elementor-repeater-item-159703b jet-table__body-cell\"><div class=\"jet-table__cell-inner\"><div class=\"jet-table__cell-content\"><div class=\"jet-table__cell-text\">Kapcsolatfelv\u00e9tel<\/div><\/div><\/div><\/td><\/tr><tr class=\"jet-table__body-row elementor-repeater-item-e9a3254\"><td class=\"jet-table__cell elementor-repeater-item-5f56381 jet-table__body-cell\"><div class=\"jet-table__cell-inner\"><div class=\"jet-table__cell-content\"><div class=\"jet-table__cell-text\">Panaszkezel\u00e9s<\/div><\/div><\/div><\/td><\/tr><tr class=\"jet-table__body-row elementor-repeater-item-687ee88\"><td class=\"jet-table__cell elementor-repeater-item-b95434e jet-table__body-cell\"><div class=\"jet-table__cell-inner\"><div class=\"jet-table__cell-content\"><div class=\"jet-table__cell-text\">Aj\u00e1nlat ad\u00e1sa<\/div><\/div><\/div><\/td><\/tr><tr class=\"jet-table__body-row elementor-repeater-item-7266994\"><td class=\"jet-table__cell elementor-repeater-item-18e62fa jet-table__body-cell\"><div class=\"jet-table__cell-inner\"><div class=\"jet-table__cell-content\"><div class=\"jet-table__cell-text\">H\u00edrlev\u00e9l k\u00fcld\u00e9se<\/div><\/div><\/div><\/td><td class=\"jet-table__cell elementor-repeater-item-a3a3e59 jet-table__body-cell\"><div class=\"jet-table__cell-inner\"><div class=\"jet-table__cell-content\"><div class=\"jet-table__cell-text\">Feliratkoz\u00e1st\u00f3l sz\u00e1m\u00edtott 1 \u00e9vig VAGY utols\u00f3\nmegnyitott h\u00edrlev\u00e9lt\u0151l sz\u00e1m\u00edtott 1 \u00e9vig.<\/div><\/div><\/div><\/td><\/tr><\/tbody>\n\t\t\t<\/table>\n\t\t<\/div>\n\n\t\t<\/div>\t\t\t\t<\/div>\n\t\t\t\t<\/div>\n\t\t\t\t<div class=\"elementor-element elementor-element-e361c28 elementor-widget elementor-widget-text-editor\" data-id=\"e361c28\" data-element_type=\"widget\" data-widget_type=\"text-editor.default\">\n\t\t\t\t<div class=\"elementor-widget-container\">\n\t\t\t\t\t\t\t\t\t<p>Adatkezel\u0151 kijelenti, hogy a fenti id\u0151tartamok lej\u00e1rt\u00e1t k\u00f6vet\u0151en az \u00dcgyf\u00e9l \u00e1ltal megadott adatokat<br>t\u00f6rli mind digit\u00e1lis mind pap\u00edr alap\u00fa nyilv\u00e1ntart\u00e1saib\u00f3l.<\/p><h3>5. KEZELT ADATOK V\u00c9DELME<\/h3><p>Adatkezel\u0151 az \u00e1ltala kezelt adatokat biztons\u00e1gosan t\u00e1rolja, azokhoz harmadik f\u00e9l nem f\u00e9rhet hozz\u00e1.<br>Fizikailag a sz\u00e9khely\u00e9n tal\u00e1lhat\u00f3 elektronikus eszk\u00f6z\u00f6k\u00f6n, valamint pap\u00edrform\u00e1tumban t\u00e1rolja z\u00e1rt<br>szekr\u00e9nyben \u00e9s z\u00e1rt szob\u00e1ban. A sz\u00e9khely\u00e9t Adatkezel\u0151 biztons\u00e1gi szolg\u00e1lattal biztos\u00edtja az<br>illet\u00e9ktelen szem\u00e9lyek r\u00e9sz\u00e9r\u0151l t\u00f6rt\u00e9n\u0151 bejut\u00e1ssal szemben. <\/p><h3>6. ADATTOV\u00c1BB\u00cdT\u00c1S K\u00dcLF\u00d6LDRE:<\/h3><p>Nem t\u00f6rt\u00e9nik adattov\u00e1bb\u00edt\u00e1s k\u00fclf\u00f6ldre.<\/p><h3>7. COOKIE-K (S\u00dcTIK) KEZEL\u00c9SE:<\/h3><p>Amikor \u00d6n a jelen weboldalt olvassa, ez azzal is j\u00e1rhat, hogy cookie-kat vagy hasonl\u00f3 technol\u00f3gi\u00e1kat<br>haszn\u00e1lunk b\u00f6ng\u00e9sz\u0151j\u00e9nek vagy eszk\u00f6z\u00e9nek azonos\u00edt\u00e1s\u00e1hoz. A cookie egy kis f\u00e1jl, amely akkor ker\u00fcl<br>az \u00d6n sz\u00e1m\u00edt\u00f3g\u00e9p\u00e9re, amikor egy webhelyet keres fel. Amikor ism\u00e9t felkeresi az adott webhelyet, a<br>cookie-nak k\u00f6sz\u00f6nhet\u0151en a webhely k\u00e9pes felismerni az \u00d6n b\u00f6ng\u00e9sz\u0151j\u00e9t. A cookie-k t\u00e1rolhatnak<br>felhaszn\u00e1l\u00f3i be\u00e1ll\u00edt\u00e1sokat \u00e9s egy\u00e9b inform\u00e1ci\u00f3kat is. M\u00e1s platformokon \u2013 ahol a cookie-k nem \u00e9rhet\u0151k<br>el vagy nem haszn\u00e1lhat\u00f3k \u2013 egy\u00e9b technol\u00f3gi\u00e1kat is haszn\u00e1lnak, amelyeknek a c\u00e9lja hasonl\u00edt a<br>cookie-k\u00e9hoz: ilyen p\u00e9ld\u00e1ul a hirdet\u00e9sazonos\u00edt\u00f3 az androidos mobileszk\u00f6z\u00f6k\u00f6n. Vissza\u00e1ll\u00edthatja<br>b\u00f6ng\u00e9sz\u0151je be\u00e1ll\u00edt\u00e1sait, hogy az utas\u00edtsa el az \u00f6sszes cookie-t, vagy hogy jelezze, ha a rendszer \u00e9ppen<br>egy cookie-t k\u00fcld. Azonban lehet, hogy bizonyos webhelyfunkci\u00f3k vagy szolg\u00e1ltat\u00e1sok nem fognak<br>megfelel\u0151en m\u0171k\u00f6dni cookie-k n\u00e9lk\u00fcl.      <\/p><p>A jelen weboldalon a Google Analytics \u00e1ltal haszn\u00e1lt cookie-k (s\u00fctik) m\u0171k\u00f6dnek, melyek m\u0171k\u00f6d\u00e9s\u00e9re<br>a Google adatv\u00e9delmi ir\u00e1nyelvei vonatkoznak:<br><a href=\"https:\/\/support.google.com\/analytics\/answer\/6004245?hl=hu\" target=\"_blank\" rel=\"noopener\">https:\/\/support.google.com\/analytics\/answer\/6004245?hl=hu<\/a><\/p><h3>8. AZ \u00c9RINTETTEK JOGAI:<\/h3><p>Az adatkezel\u00e9s sor\u00e1n \u00e9rintett szem\u00e9ly k\u00e9relmezheti az Adatkezel\u0151n\u00e9l:<\/p><p>a) t\u00e1j\u00e9koztat\u00e1s\u00e1t szem\u00e9lyes adatai kezel\u00e9s\u00e9r\u0151l,<br>b) szem\u00e9lyes adatainak helyesb\u00edt\u00e9s\u00e9t, valamint<br>c) szem\u00e9lyes adatainak &#8211; a k\u00f6telez\u0151 adatkezel\u00e9s kiv\u00e9tel\u00e9vel &#8211; t\u00f6rl\u00e9s\u00e9t vagy z\u00e1rol\u00e1s\u00e1t.<\/p><p>Az \u00e9rintett k\u00e9relm\u00e9re az Adatkezel\u0151 t\u00e1j\u00e9koztat\u00e1st ad az \u00e9rintett \u00e1ltala kezelt, illetve az \u00e1ltala vagy<br>rendelkez\u00e9se szerint megb\u00edzott adatfeldolgoz\u00f3 \u00e1ltal feldolgozott adatair\u00f3l, azok forr\u00e1s\u00e1r\u00f3l, az<br>adatkezel\u00e9s c\u00e9lj\u00e1r\u00f3l, jogalapj\u00e1r\u00f3l, id\u0151tartam\u00e1r\u00f3l, az adatfeldolgoz\u00f3 nev\u00e9r\u0151l, c\u00edm\u00e9r\u0151l \u00e9s az<br>adatkezel\u00e9ssel \u00f6sszef\u00fcgg\u0151 tev\u00e9kenys\u00e9g\u00e9r\u0151l, az esetleges adatv\u00e9delmi incidens k\u00f6r\u00fclm\u00e9nyeir\u0151l,<br>hat\u00e1sair\u00f3l \u00e9s az elh\u00e1r\u00edt\u00e1s\u00e1ra megtett int\u00e9zked\u00e9sekr\u0151l, tov\u00e1bb\u00e1 &#8211; az \u00e9rintett szem\u00e9lyes adatainak<br>tov\u00e1bb\u00edt\u00e1sa eset\u00e9n &#8211; az adattov\u00e1bb\u00edt\u00e1s jogalapj\u00e1r\u00f3l \u00e9s c\u00edmzettj\u00e9r\u0151l.<\/p><p>Az Adatkezel\u0151 &#8211; ha bels\u0151 adatv\u00e9delmi felel\u0151ssel rendelkezik, a bels\u0151 adatv\u00e9delmi felel\u0151s \u00fatj\u00e1n &#8211; az<br>adatv\u00e9delmi incidenssel kapcsolatos int\u00e9zked\u00e9sek ellen\u0151rz\u00e9se, valamint az \u00e9rintett t\u00e1j\u00e9koztat\u00e1sa<br>c\u00e9lj\u00e1b\u00f3l nyilv\u00e1ntart\u00e1st vezet, amely tartalmazza az \u00e9rintett szem\u00e9lyes adatok k\u00f6r\u00e9t, az adatv\u00e9delmi<br>incidenssel \u00e9rintettek k\u00f6r\u00e9t \u00e9s sz\u00e1m\u00e1t, az adatv\u00e9delmi incidens id\u0151pontj\u00e1t, k\u00f6r\u00fclm\u00e9nyeit, hat\u00e1sait \u00e9s<br>az elh\u00e1r\u00edt\u00e1s\u00e1ra megtett int\u00e9zked\u00e9seket, valamint az adatkezel\u00e9st el\u0151\u00edr\u00f3 jogszab\u00e1lyban meghat\u00e1rozott<br>egy\u00e9b adatokat.<\/p><p>Az Adatkezel\u0151 k\u00f6teles a k\u00e9relem beny\u00fajt\u00e1s\u00e1t\u00f3l sz\u00e1m\u00edtott legr\u00f6videbb id\u0151 alatt, legfeljebb azonban 25<br>napon bel\u00fcl, k\u00f6z\u00e9rthet\u0151 form\u00e1ban, az \u00e9rintett erre ir\u00e1nyul\u00f3 k\u00e9relm\u00e9re \u00edr\u00e1sban megadni a<br>t\u00e1j\u00e9koztat\u00e1st.<\/p><p>A t\u00e1j\u00e9koztat\u00e1s ingyenes, ha a t\u00e1j\u00e9koztat\u00e1st k\u00e9r\u0151 a foly\u00f3 \u00e9vben azonos adatk\u00f6rre vonatkoz\u00f3<br>t\u00e1j\u00e9koztat\u00e1si k\u00e9relmet az Adatkezel\u0151h\u00f6z m\u00e9g nem ny\u00fajtott be. Egy\u00e9b esetekben az Adatkezel\u0151<br>k\u00f6lts\u00e9gt\u00e9r\u00edt\u00e9st \u00e1llap\u00edthat meg. <\/p><p>Az Adatkezel\u0151 a szem\u00e9lyes adatot t\u00f6rli, ha:<br>i. kezel\u00e9se jogellenes;<br>ii. az \u00e9rintett k\u00e9ri;<br>iii. az hi\u00e1nyos vagy t\u00e9ves &#8211; \u00e9s ez az \u00e1llapot jogszer\u0171en nem orvosolhat\u00f3 -, felt\u00e9ve, hogy a t\u00f6rl\u00e9st<br>t\u00f6rv\u00e9ny nem z\u00e1rja ki;<br>iv. az adatkezel\u00e9s c\u00e9lja megsz\u0171nt, vagy az adatok t\u00e1rol\u00e1s\u00e1nak t\u00f6rv\u00e9nyben meghat\u00e1rozott<br>hat\u00e1rideje lej\u00e1rt;<br>v. azt a b\u00edr\u00f3s\u00e1g vagy a Hat\u00f3s\u00e1g elrendelte.    <\/p><p>A helyesb\u00edt\u00e9sr\u0151l, a z\u00e1rol\u00e1sr\u00f3l, a megjel\u00f6l\u00e9sr\u0151l \u00e9s a t\u00f6rl\u00e9sr\u0151l az \u00e9rintettet, tov\u00e1bb\u00e1 mindazokat<br>\u00e9rtes\u00edteni kell, akiknek kor\u00e1bban az adatot adatkezel\u00e9s c\u00e9lj\u00e1ra tov\u00e1bb\u00edtott\u00e1k. Az \u00e9rtes\u00edt\u00e9s mell\u0151zhet\u0151,<br>ha ez az adatkezel\u00e9s c\u00e9lj\u00e1ra val\u00f3 tekintettel az \u00e9rintett jogos \u00e9rdek\u00e9t nem s\u00e9rti. <\/p><p>Ha az Adatkezel\u0151 az \u00e9rintett helyesb\u00edt\u00e9s, z\u00e1rol\u00e1s vagy t\u00f6rl\u00e9s ir\u00e1nti k\u00e9relm\u00e9t nem teljes\u00edti, a k\u00e9relem<br>k\u00e9zhezv\u00e9tel\u00e9t k\u00f6vet\u0151 30 napon bel\u00fcl \u00edr\u00e1sban vagy az \u00e9rintett hozz\u00e1j\u00e1rul\u00e1s\u00e1val elektronikus \u00faton k\u00f6zli<br>a helyesb\u00edt\u00e9s, z\u00e1rol\u00e1s vagy t\u00f6rl\u00e9s ir\u00e1nti k\u00e9relem elutas\u00edt\u00e1s\u00e1nak t\u00e9nybeli \u00e9s jogi indokait. A helyesb\u00edt\u00e9s,<br>t\u00f6rl\u00e9s vagy z\u00e1rol\u00e1s ir\u00e1nti k\u00e9relem elutas\u00edt\u00e1sa eset\u00e9n az Adatkezel\u0151 t\u00e1j\u00e9koztatja az \u00e9rintettet a b\u00edr\u00f3s\u00e1gi<br>jogorvoslat, tov\u00e1bb\u00e1 a Hat\u00f3s\u00e1ghoz fordul\u00e1s lehet\u0151s\u00e9g\u00e9r\u0151l. <\/p><h3>9. TILTAKOZ\u00c1S A SZEM\u00c9LYES ADATOK KEZEL\u00c9SE ELLEN:<\/h3><p>Az \u00e9rintett tiltakozhat szem\u00e9lyes adat\u00e1nak kezel\u00e9se ellen:<\/p><p>i. ha a szem\u00e9lyes adatok kezel\u00e9se vagy tov\u00e1bb\u00edt\u00e1sa kiz\u00e1r\u00f3lag az Adatkezel\u0151re vonatkoz\u00f3 jogi<br>k\u00f6telezetts\u00e9g teljes\u00edt\u00e9s\u00e9hez vagy az Adatkezel\u0151, adat\u00e1tvev\u0151 vagy harmadik szem\u00e9ly jogos<br>\u00e9rdek\u00e9nek \u00e9rv\u00e9nyes\u00edt\u00e9s\u00e9hez sz\u00fcks\u00e9ges, kiv\u00e9ve k\u00f6telez\u0151 adatkezel\u00e9s eset\u00e9n<br>ii. ha a szem\u00e9lyes adat felhaszn\u00e1l\u00e1sa vagy tov\u00e1bb\u00edt\u00e1sa k\u00f6zvetlen \u00fczletszerz\u00e9s,<br>k\u00f6zv\u00e9lem\u00e9ny-kutat\u00e1s vagy tudom\u00e1nyos kutat\u00e1s c\u00e9lj\u00e1ra t\u00f6rt\u00e9nik; valamint<br>iii. t\u00f6rv\u00e9nyben meghat\u00e1rozott egy\u00e9b esetben.   <\/p><p>Az Adatkezel\u0151 a tiltakoz\u00e1st a k\u00e9relem beny\u00fajt\u00e1s\u00e1t\u00f3l sz\u00e1m\u00edtott legr\u00f6videbb id\u0151n bel\u00fcl, de legfeljebb 25<br>napon bel\u00fcl megvizsg\u00e1lja, annak megalapozotts\u00e1ga k\u00e9rd\u00e9s\u00e9ben d\u00f6nt\u00e9st hoz, \u00e9s d\u00f6nt\u00e9s\u00e9r\u0151l a<br>k\u00e9relmez\u0151t \u00edr\u00e1sban t\u00e1j\u00e9koztatja.<br>Ha az Adatkezel\u0151 az \u00e9rintett tiltakoz\u00e1s\u00e1nak megalapozotts\u00e1g\u00e1t meg\u00e1llap\u00edtja, az adatkezel\u00e9st &#8211;<br>bele\u00e9rtve a tov\u00e1bbi adatfelv\u00e9telt \u00e9s adattov\u00e1bb\u00edt\u00e1st is &#8211; megsz\u00fcnteti, \u00e9s az adatokat z\u00e1rolja, valamint<br>a tiltakoz\u00e1sr\u00f3l, tov\u00e1bb\u00e1 az annak alapj\u00e1n tett int\u00e9zked\u00e9sekr\u0151l \u00e9rtes\u00edti mindazokat, akik r\u00e9sz\u00e9re a<br>tiltakoz\u00e1ssal \u00e9rintett szem\u00e9lyes adatot kor\u00e1bban tov\u00e1bb\u00edtotta, \u00e9s akik k\u00f6telesek int\u00e9zkedni a<br>tiltakoz\u00e1si jog \u00e9rv\u00e9nyes\u00edt\u00e9se \u00e9rdek\u00e9ben.<\/p><p>Ha az \u00e9rintett az Adatkezel\u0151 meghozott d\u00f6nt\u00e9s\u00e9vel nem \u00e9rt egyet, illetve ha az Adatkezel\u0151 a fenti hat\u00e1rid\u0151t elmulasztja, az \u00e9rintett &#8211; a d\u00f6nt\u00e9s k\u00f6zl\u00e9s\u00e9t\u0151l, illetve a hat\u00e1rid\u0151 utols\u00f3 napj\u00e1t\u00f3l sz\u00e1m\u00edtott 30<br>napon bel\u00fcl b\u00edr\u00f3s\u00e1ghoz fordulhat.<\/p><p>Amennyiben az \u00e9rintett szem\u00e9lyes adatai kezel\u00e9se ellen tiltakozik, avagy b\u00edr\u00f3s\u00e1gi jogorvoslattal \u00e9l,<br>tov\u00e1bb\u00e1 amennyiben harmadik szem\u00e9lyt\u0151l olyan adatk\u00f6zl\u00e9sre ir\u00e1nyul\u00f3 megkeres\u00e9s \u00e9rkezik, mely nem<br>az \u00e9rintett hozz\u00e1j\u00e1rul\u00e1s\u00e1n alapul, \u00fagy a fentiek jogszer\u0171s\u00e9g\u00e9nek elb\u00edr\u00e1l\u00e1s\u00e1hoz sz\u00fcks\u00e9ges k\u00f6rben az<br>adatok az Adatkezel\u0151 \u00e1ltal megb\u00edzott jogi k\u00e9pvisel\u0151k r\u00e9sz\u00e9re is kiadhat\u00f3k.<\/p><h3>10. JOGORVOSLATI LEHET\u0150S\u00c9GEK:<\/h3><p>K\u00e9rj\u00fck a tisztelt \u00dcgyfeleket, hogy amennyiben \u00fagy \u00e9rzik, hogy az Adatkezel\u0151 megs\u00e9rtette a szem\u00e9lyes<br>adatok v\u00e9delm\u00e9hez f\u0171z\u0151d\u0151 jogaikat, akkor vegy\u00e9k fel vel\u00fcnk a kapcsolatot, hogy az esetleges jogs\u00e9rt\u00e9st orvosolhassuk.<\/p><p>T\u00e1j\u00e9koztatjuk a Felhaszn\u00e1l\u00f3kat tov\u00e1bb\u00e1, hogy az \u00e9rintett a jogainak megs\u00e9rt\u00e9se eset\u00e9n az Adatkezel\u0151vel szemben b\u00edr\u00f3s\u00e1ghoz fordulhat. A b\u00edr\u00f3s\u00e1g az \u00fcgyben soron k\u00edv\u00fcl j\u00e1r el. A per elb\u00edr\u00e1l\u00e1sa a<br>t\u00f6rv\u00e9nysz\u00e9k hat\u00e1sk\u00f6r\u00e9be tartozik. A per az adatkezel\u0151 sz\u00e9khelye szerinti, vagy az \u00e9rintett v\u00e1laszt\u00e1sa<br>szerint az \u00e9rintett lak\u00f3helye vagy tart\u00f3zkod\u00e1si helye szerinti t\u00f6rv\u00e9nysz\u00e9k el\u0151tt is megind\u00edthat\u00f3. A perben f\u00e9l lehet az is, akinek egy\u00e9bk\u00e9nt nincs perbeli jogk\u00e9pess\u00e9ge.    <\/p><p>Ha az Adatkezel\u0151 az \u00e9rintett adatainak jogellenes kezel\u00e9s\u00e9vel vagy az adatbiztons\u00e1g<br>k\u00f6vetelm\u00e9nyeinek megszeg\u00e9s\u00e9vel m\u00e1snak k\u00e1rt okoz, k\u00f6teles azt megt\u00e9r\u00edteni. Ha az Adatkezel\u0151 az<br>\u00e9rintett adatainak jogellenes kezel\u00e9s\u00e9vel vagy az adatbiztons\u00e1g k\u00f6vetelm\u00e9nyeinek megszeg\u00e9s\u00e9vel az<br>\u00e9rintett szem\u00e9lyis\u00e9gi jog\u00e1t megs\u00e9rti, az \u00e9rintett az Adatkezel\u0151t\u0151l s\u00e9relemd\u00edjat k\u00f6vetelhet. Az Adatkezel\u0151 mentes\u00fcl az okozott k\u00e1r\u00e9rt val\u00f3 felel\u0151ss\u00e9g \u00e9s a s\u00e9relemd\u00edj megfizet\u00e9s\u00e9nek k\u00f6telezetts\u00e9ge<br>al\u00f3l, ha bizony\u00edtja, hogy a k\u00e1rt vagy az \u00e9rintett szem\u00e9lyis\u00e9gi jog\u00e1nak s\u00e9relm\u00e9t az adatkezel\u00e9s k\u00f6r\u00e9n<br>k\u00edv\u00fcl es\u0151 elh\u00e1r\u00edthatatlan ok id\u00e9zte el\u0151. Nem kell megt\u00e9r\u00edteni a k\u00e1rt \u00e9s nem k\u00f6vetelhet\u0151 a s\u00e9relemd\u00edj<br>annyiban, amennyiben a k\u00e1r a k\u00e1rosult vagy a szem\u00e9lyis\u00e9gi jog megs\u00e9rt\u00e9s\u00e9vel okozott jogs\u00e9relem az<br>\u00e9rintett sz\u00e1nd\u00e9kos vagy s\u00falyosan gondatlan magatart\u00e1s\u00e1b\u00f3l sz\u00e1rmazott.   <\/p><p>Amennyiben hat\u00f3s\u00e1gi panaszt k\u00edv\u00e1n tenni az Adatkezel\u0151vel szemben az \u00d6n jogainak megs\u00e9rt\u00e9se miatt, \u00fagy azt a Nemzeti Adatv\u00e9delmi \u00e9s Inform\u00e1ci\u00f3szabads\u00e1g Hat\u00f3s\u00e1gn\u00e1l (weboldal: <a href=\"http:\/\/www.naih.hu\" target=\"_blank\" rel=\"noopener\">www.naih.hu<\/a>;<br>c\u00edme: 1125 Budapest, Szil\u00e1gyi Erzs\u00e9bet fasor 22c.) megteheti.<\/p><p>K\u00e9rj\u00fck, hogy amennyiben k\u00e9rd\u00e9se, \u00e9szrev\u00e9tele, probl\u00e9m\u00e1ja esetelegesen panasza mer\u00fclne fel<br>szem\u00e9lyes adatainak Adatkezel\u0151 \u00e1ltali kezel\u00e9s\u00e9vel kapcsolatban, \u00fagy els\u0151 sorban k\u00e9rj\u00fck vegye fel a<br>kapcsolatot t\u00e1rsas\u00e1gunkkal, az al\u00e1bbi el\u00e9rhet\u0151s\u00e9gek valamelyik\u00e9n:<\/p><ul><li>levelez\u00e9si c\u00edm: 1118 Ratk\u00f3c k\u00f6z 6<\/li><li>e-mail c\u00edm: mugroczky@premierpadel.hu<\/li><\/ul><h3>11. TOV\u00c1BBI ADATKEZEL\u00c9SI RENDELKEZ\u00c9SEK<\/h3><p>Adatkezel\u0151 jelen adatv\u00e9delmi t\u00e1j\u00e9koztat\u00f3 m\u00f3dos\u00edt\u00e1s\u00e1nak jog\u00e1t fenntartja.<br>Jelen Adatv\u00e9delmi t\u00e1j\u00e9koztat\u00f3 a <a href=\"https:\/\/premierpadel.hu\/en\/privacy-policy\/\">https:\/\/premierpadel.hu\/adatkezelesi-tajekoztato<\/a> weboldalon el\u00e9rhet\u0151.<\/p>\t\t\t\t\t\t\t\t<\/div>\n\t\t\t\t<\/div>\n\t\t\t\t\t<\/div>\n\t\t\t\t<\/div>\n\t\t\t\t<\/div>\n\t\t","protected":false},"excerpt":{"rendered":"<p>Privacy Policy Jelen adatv\u00e9delmi t\u00e1j\u00e9koztat\u00f3 (\u201eTest\u201d) c\u00e9lja, hogy a Premier Padel Club Kft (c\u00e9gjegyz\u00e9ksz\u00e1ma:01 09 204710) weboldal\u00e1nak l\u00e1togat\u00f3i \u00e1ltal megadott \u00e9s a Premier Padel (a tov\u00e1bbiakban:\u201eAdatkezel\u0151\u201d) \u00e1ltal kezelt szem\u00e9lyes adatok \u00e9s egy\u00e9b adatok kezel\u00e9s\u00e9re vonatkoz\u00f3 elvekr\u0151l \u00e9sszab\u00e1lyokr\u00f3l az \u00fcgyfeleit (a tov\u00e1bbiakban\u201e\u00dcgyfelek\u201d) t\u00e1j\u00e9koztassa. A szem\u00e9lyes adatok kezel\u00e9s\u00e9t az Adatkezel\u0151 a hat\u00e1lyos jogszab\u00e1lyoknak megfelel\u0151en v\u00e9gzi, az al\u00e1bbialapelvek [&hellip;]<\/p>\n","protected":false},"author":1,"featured_media":0,"parent":0,"menu_order":0,"comment_status":"closed","ping_status":"closed","template":"","meta":{"footnotes":""},"class_list":["post-2776","page","type-page","status-publish","hentry"],"yoast_head":"<!-- This site is optimized with the Yoast SEO plugin v25.1 - https:\/\/yoast.com\/wordpress\/plugins\/seo\/ -->\n<title>Privacy Policy - Premier Padel<\/title>\n<meta name=\"description\" content=\"A Premier Padel Club nem csup\u00e1n egy hely, ahol sportolhatsz \u2013 n\u00e1lunk a padel igazi \u00e9lm\u00e9ny, k\u00f6z\u00f6ss\u00e9gi \u00e9letforma.\" \/>\n<meta name=\"robots\" content=\"noindex, follow\" \/>\n<meta property=\"og:locale\" content=\"en_US\" \/>\n<meta property=\"og:type\" content=\"article\" \/>\n<meta property=\"og:title\" content=\"Privacy Policy - Premier Padel\" \/>\n<meta property=\"og:description\" content=\"A Premier Padel Club nem csup\u00e1n egy hely, ahol sportolhatsz \u2013 n\u00e1lunk a padel igazi \u00e9lm\u00e9ny, k\u00f6z\u00f6ss\u00e9gi \u00e9letforma.\" \/>\n<meta property=\"og:url\" content=\"https:\/\/premierpadel.hu\/en\/privacy-policy\/\" \/>\n<meta property=\"og:site_name\" content=\"Premier Padel\" \/>\n<meta property=\"article:modified_time\" content=\"2025-06-05T13:48:45+00:00\" \/>\n<meta property=\"og:image\" content=\"https:\/\/premierpadel.hu\/wp-content\/uploads\/2025\/04\/premier-padel.jpg\" \/>\n\t<meta property=\"og:image:width\" content=\"1200\" \/>\n\t<meta property=\"og:image:height\" content=\"675\" \/>\n\t<meta property=\"og:image:type\" content=\"image\/jpeg\" \/>\n<meta name=\"twitter:card\" content=\"summary_large_image\" \/>\n<meta name=\"twitter:label1\" content=\"Est. reading time\" \/>\n\t<meta name=\"twitter:data1\" content=\"13 minutes\" \/>\n<script type=\"application\/ld+json\" class=\"yoast-schema-graph\">{\"@context\":\"https:\/\/schema.org\",\"@graph\":[{\"@type\":\"WebPage\",\"@id\":\"https:\/\/premierpadel.hu\/en\/privacy-policy\/\",\"url\":\"https:\/\/premierpadel.hu\/en\/privacy-policy\/\",\"name\":\"Privacy Policy - Premier Padel\",\"isPartOf\":{\"@id\":\"https:\/\/premierpadel.hu\/en\/#website\"},\"datePublished\":\"2024-06-03T12:08:43+00:00\",\"dateModified\":\"2025-06-05T13:48:45+00:00\",\"description\":\"A Premier Padel Club nem csup\u00e1n egy hely, ahol sportolhatsz \u2013 n\u00e1lunk a padel igazi \u00e9lm\u00e9ny, k\u00f6z\u00f6ss\u00e9gi \u00e9letforma.\",\"breadcrumb\":{\"@id\":\"https:\/\/premierpadel.hu\/en\/privacy-policy\/#breadcrumb\"},\"inLanguage\":\"en-US\",\"potentialAction\":[{\"@type\":\"ReadAction\",\"target\":[\"https:\/\/premierpadel.hu\/en\/privacy-policy\/\"]}]},{\"@type\":\"BreadcrumbList\",\"@id\":\"https:\/\/premierpadel.hu\/en\/privacy-policy\/#breadcrumb\",\"itemListElement\":[{\"@type\":\"ListItem\",\"position\":1,\"name\":\"Home\",\"item\":\"https:\/\/premierpadel.hu\/en\/\"},{\"@type\":\"ListItem\",\"position\":2,\"name\":\"Privacy Policy\"}]},{\"@type\":\"WebSite\",\"@id\":\"https:\/\/premierpadel.hu\/en\/#website\",\"url\":\"https:\/\/premierpadel.hu\/en\/\",\"name\":\"Premier Padel\",\"description\":\"Az orsz\u00e1g els\u0151sz\u00e1m\u00fa padel k\u00f6z\u00f6ss\u00e9ge\",\"publisher\":{\"@id\":\"https:\/\/premierpadel.hu\/en\/#organization\"},\"potentialAction\":[{\"@type\":\"SearchAction\",\"target\":{\"@type\":\"EntryPoint\",\"urlTemplate\":\"https:\/\/premierpadel.hu\/en\/?s={search_term_string}\"},\"query-input\":{\"@type\":\"PropertyValueSpecification\",\"valueRequired\":true,\"valueName\":\"search_term_string\"}}],\"inLanguage\":\"en-US\"},{\"@type\":\"Organization\",\"@id\":\"https:\/\/premierpadel.hu\/en\/#organization\",\"name\":\"Premier Padel\",\"url\":\"https:\/\/premierpadel.hu\/en\/\",\"logo\":{\"@type\":\"ImageObject\",\"inLanguage\":\"en-US\",\"@id\":\"https:\/\/premierpadel.hu\/en\/#\/schema\/logo\/image\/\",\"url\":\"https:\/\/premierpadel.hu\/wp-content\/uploads\/2025\/04\/premier-padel-logo.png\",\"contentUrl\":\"https:\/\/premierpadel.hu\/wp-content\/uploads\/2025\/04\/premier-padel-logo.png\",\"width\":500,\"height\":500,\"caption\":\"Premier Padel\"},\"image\":{\"@id\":\"https:\/\/premierpadel.hu\/en\/#\/schema\/logo\/image\/\"}}]}<\/script>\n<!-- \/ Yoast SEO plugin. -->","yoast_head_json":{"title":"Privacy Policy - Premier Padel","description":"A Premier Padel Club nem csup\u00e1n egy hely, ahol sportolhatsz \u2013 n\u00e1lunk a padel igazi \u00e9lm\u00e9ny, k\u00f6z\u00f6ss\u00e9gi \u00e9letforma.","robots":{"index":"noindex","follow":"follow"},"og_locale":"en_US","og_type":"article","og_title":"Privacy Policy - Premier Padel","og_description":"A Premier Padel Club nem csup\u00e1n egy hely, ahol sportolhatsz \u2013 n\u00e1lunk a padel igazi \u00e9lm\u00e9ny, k\u00f6z\u00f6ss\u00e9gi \u00e9letforma.","og_url":"https:\/\/premierpadel.hu\/en\/privacy-policy\/","og_site_name":"Premier Padel","article_modified_time":"2025-06-05T13:48:45+00:00","og_image":[{"width":1200,"height":675,"url":"https:\/\/premierpadel.hu\/wp-content\/uploads\/2025\/04\/premier-padel.jpg","type":"image\/jpeg"}],"twitter_card":"summary_large_image","twitter_misc":{"Est. reading time":"13 minutes"},"schema":{"@context":"https:\/\/schema.org","@graph":[{"@type":"WebPage","@id":"https:\/\/premierpadel.hu\/en\/privacy-policy\/","url":"https:\/\/premierpadel.hu\/en\/privacy-policy\/","name":"Privacy Policy - Premier Padel","isPartOf":{"@id":"https:\/\/premierpadel.hu\/en\/#website"},"datePublished":"2024-06-03T12:08:43+00:00","dateModified":"2025-06-05T13:48:45+00:00","description":"A Premier Padel Club nem csup\u00e1n egy hely, ahol sportolhatsz \u2013 n\u00e1lunk a padel igazi \u00e9lm\u00e9ny, k\u00f6z\u00f6ss\u00e9gi \u00e9letforma.","breadcrumb":{"@id":"https:\/\/premierpadel.hu\/en\/privacy-policy\/#breadcrumb"},"inLanguage":"en-US","potentialAction":[{"@type":"ReadAction","target":["https:\/\/premierpadel.hu\/en\/privacy-policy\/"]}]},{"@type":"BreadcrumbList","@id":"https:\/\/premierpadel.hu\/en\/privacy-policy\/#breadcrumb","itemListElement":[{"@type":"ListItem","position":1,"name":"Home","item":"https:\/\/premierpadel.hu\/en\/"},{"@type":"ListItem","position":2,"name":"Privacy Policy"}]},{"@type":"WebSite","@id":"https:\/\/premierpadel.hu\/en\/#website","url":"https:\/\/premierpadel.hu\/en\/","name":"Premier Padel","description":"Az orsz\u00e1g els\u0151sz\u00e1m\u00fa padel k\u00f6z\u00f6ss\u00e9ge","publisher":{"@id":"https:\/\/premierpadel.hu\/en\/#organization"},"potentialAction":[{"@type":"SearchAction","target":{"@type":"EntryPoint","urlTemplate":"https:\/\/premierpadel.hu\/en\/?s={search_term_string}"},"query-input":{"@type":"PropertyValueSpecification","valueRequired":true,"valueName":"search_term_string"}}],"inLanguage":"en-US"},{"@type":"Organization","@id":"https:\/\/premierpadel.hu\/en\/#organization","name":"Premier Padel","url":"https:\/\/premierpadel.hu\/en\/","logo":{"@type":"ImageObject","inLanguage":"en-US","@id":"https:\/\/premierpadel.hu\/en\/#\/schema\/logo\/image\/","url":"https:\/\/premierpadel.hu\/wp-content\/uploads\/2025\/04\/premier-padel-logo.png","contentUrl":"https:\/\/premierpadel.hu\/wp-content\/uploads\/2025\/04\/premier-padel-logo.png","width":500,"height":500,"caption":"Premier Padel"},"image":{"@id":"https:\/\/premierpadel.hu\/en\/#\/schema\/logo\/image\/"}}]}},"_links":{"self":[{"href":"https:\/\/premierpadel.hu\/en\/wp-json\/wp\/v2\/pages\/2776","targetHints":{"allow":["GET"]}}],"collection":[{"href":"https:\/\/premierpadel.hu\/en\/wp-json\/wp\/v2\/pages"}],"about":[{"href":"https:\/\/premierpadel.hu\/en\/wp-json\/wp\/v2\/types\/page"}],"author":[{"embeddable":true,"href":"https:\/\/premierpadel.hu\/en\/wp-json\/wp\/v2\/users\/1"}],"replies":[{"embeddable":true,"href":"https:\/\/premierpadel.hu\/en\/wp-json\/wp\/v2\/comments?post=2776"}],"version-history":[{"count":0,"href":"https:\/\/premierpadel.hu\/en\/wp-json\/wp\/v2\/pages\/2776\/revisions"}],"wp:attachment":[{"href":"https:\/\/premierpadel.hu\/en\/wp-json\/wp\/v2\/media?parent=2776"}],"curies":[{"name":"wp","href":"https:\/\/api.w.org\/{rel}","templated":true}]}}